{"id":6836,"date":"2020-09-27T23:40:18","date_gmt":"2020-09-27T22:40:18","guid":{"rendered":"http:\/\/lbcomunicazione.org\/?page_id=6836"},"modified":"2020-10-02T09:59:28","modified_gmt":"2020-10-02T08:59:28","slug":"mondo-olistico","status":"publish","type":"page","link":"https:\/\/lbcomunicazione.org\/index.php\/mondo-olistico\/","title":{"rendered":"Mondo Olistico"},"content":{"rendered":"<figure class=\"wp-block-image size-large\"><img loading=\"lazy\" decoding=\"async\" class=\"alignnone wp-image-6834 size-full\" src=\"https:\/\/lbcomunicazione.org\/wp-content\/uploads\/2020\/09\/holistics-word.jpg\" alt=\"\" width=\"1366\" height=\"768\" srcset=\"https:\/\/lbcomunicazione.org\/wp-content\/uploads\/2020\/09\/holistics-word.jpg 1366w, https:\/\/lbcomunicazione.org\/wp-content\/uploads\/2020\/09\/holistics-word-300x169.jpg 300w, https:\/\/lbcomunicazione.org\/wp-content\/uploads\/2020\/09\/holistics-word-1024x576.jpg 1024w, https:\/\/lbcomunicazione.org\/wp-content\/uploads\/2020\/09\/holistics-word-768x432.jpg 768w, https:\/\/lbcomunicazione.org\/wp-content\/uploads\/2020\/09\/holistics-word-520x292.jpg 520w\" sizes=\"auto, (max-width: 1366px) 100vw, 1366px\" \/><\/figure>\r\n<!-- \/wp:post-content -->\r\n\r\n<!-- wp:heading {\"level\":1} \/-->\r\n\r\n<!-- wp:paragraph -->\r\n<p>&nbsp;<\/p>\r\n<h2><strong>Mondo olistico <\/strong><\/h2>\r\n<p>Mondo olistico si propone di ricercare la visione d&#8217;insieme in ogni aspetto della vita per far emergere il principio dell&#8217;Unit\u00e0 non per omologare le menti ma per onorare le diversit\u00e0.<\/p>\r\n<p>&nbsp;<\/p>\r\n<h2><strong>Ricordiamo il principio &#8220;divide et impera&#8221;<\/strong><\/h2>\r\n<p>secondo cui il migliore espediente di un&#8217;autorit\u00e0 per controllare e governare un popolo \u00e8 dividerlo, provocando rivalit\u00e0, fomentando discordie e molte lotte tra i poveri che vediamo sin dai tempi antichi e anche nell&#8217;attualit\u00e1.<br \/>La divisione ha frammentato sempre pi\u00f9 ogni ambito e ogni assetto, quello sociale, familiare, della salute, della cura, del valore e della dignit\u00e0 personali, arrivando a farci sentire divisi dentro, nel profondo, dove governano e attecchiscono i semi dell&#8217;ignoranza, della paura, della solitudine e della delega di ogni nostro potenziale.<\/p>\r\n<p><em>HOLISTIC &#8216;S WORLD<\/em><\/p>\r\n<p>&nbsp;<\/p>\r\n<!-- \/wp:paragraph -->\r\n\r\n<!-- wp:heading {\"level\":3} -->\r\n<h3>Ricerca tutti gli articoli del progetto<\/h3>\r\n<!-- \/wp:heading -->\r\n\r\n<!-- wp:paragraph -->\r\n<p><a href=\"https:\/\/lbcomunicazione.org\/index.php\/category\/\/mondo olistico\/\">MOSTRA<\/a> \u00a0<\/p>\r\n<!-- \/wp:paragraph -->\r\n<p>&nbsp;<\/p>\r\n<!-- wp:paragraph \/-->\r\n\r\n<!-- wp:paragraph \/-->\r\n\r\n<!-- wp:heading {\"level\":3} -->\r\n<h3>Ultimi articoli pubblicati:<\/h3>\r\n<!-- \/wp:heading -->\r\n\r\n<!-- wp:shortcode -->\r\n<ul class=\"lcp_catlist\" id=\"lcp_instance_0\"><li><a href=\"https:\/\/lbcomunicazione.org\/index.php\/2021\/05\/15\/21-chiavi-di-consapevolezza-la-chiave-della-leggerezza\/\">21 chiavi di consapevolezza-La chiave della leggerezza<\/a><\/li><li><a href=\"https:\/\/lbcomunicazione.org\/index.php\/2021\/01\/04\/2021-il-consiglio-degli-arcani\/\">2021 Il Consiglio degli Arcani<\/a><\/li><li><a href=\"https:\/\/lbcomunicazione.org\/index.php\/2020\/12\/10\/il-consiglio-degli-arcani-2\/\">Il Consiglio degli Arcani<\/a><\/li><li><a href=\"https:\/\/lbcomunicazione.org\/index.php\/2020\/11\/24\/il-consiglio-degli-arcani\/\">Il consiglio degli Arcani<\/a><\/li><li><a href=\"https:\/\/lbcomunicazione.org\/index.php\/2020\/10\/19\/affermazioni-scientifiche-di-guarigione-di-p-yogananda\/\">Affermazioni Scientifiche di Guarigione di P. YOGANANDA<\/a><\/li><\/ul>","protected":false},"excerpt":{"rendered":"<p>&nbsp; Mondo olistico Mondo olistico si propone di ricercare la visione d&#8217;insieme in ogni aspetto della vita per far emergere il principio dell&#8217;Unit\u00e0 non per omologare le menti ma per onorare le diversit\u00e0. &nbsp; Ricordiamo il principio &#8220;divide et impera&#8221; secondo cui il migliore espediente di un&#8217;autorit\u00e0 per controllare e governare un popolo \u00e8 dividerlo, provocando rivalit\u00e0, fomentando discordie e molte lotte tra i poveri che vediamo sin dai tempi antichi e anche nell&#8217;attualit\u00e1.La divisione ha frammentato sempre pi\u00f9 ogni ambito e ogni assetto, quello sociale, familiare, della salute, della cura, del valore e della dignit\u00e0 personali, arrivando a farci sentire&#46;&#46;&#46;<\/p>\n","protected":false},"author":1,"featured_media":0,"parent":0,"menu_order":0,"comment_status":"closed","ping_status":"closed","template":"","meta":{"_crdt_document":"","footnotes":""},"class_list":["post-6836","page","type-page","status-publish","hentry"],"yoast_head":"<!-- This site is optimized with the Yoast SEO plugin v26.9 - https:\/\/yoast.com\/product\/yoast-seo-wordpress\/ -->\n<title>Mondo Olistico - blog TG24 la comunicazione<\/title>\n<meta name=\"description\" content=\"Mondo Olistico - si propone di ricercare la visione d&#039;insieme in ogni aspetto della vita per far emergere il principio dell&#039;Unit\u00e0\" \/>\n<meta name=\"robots\" content=\"index, follow, max-snippet:-1, max-image-preview:large, max-video-preview:-1\" \/>\n<link rel=\"canonical\" href=\"https:\/\/lbcomunicazione.org\/index.php\/mondo-olistico\/\" \/>\n<meta property=\"og:locale\" content=\"it_IT\" \/>\n<meta property=\"og:type\" content=\"article\" \/>\n<meta property=\"og:title\" content=\"Mondo Olistico - blog TG24 la comunicazione\" \/>\n<meta property=\"og:description\" content=\"Mondo Olistico - si propone di ricercare la visione d&#039;insieme in ogni aspetto della vita per far emergere il principio dell&#039;Unit\u00e0\" \/>\n<meta property=\"og:url\" content=\"https:\/\/lbcomunicazione.org\/index.php\/mondo-olistico\/\" \/>\n<meta property=\"og:site_name\" content=\"blog TG24 la comunicazione\" \/>\n<meta property=\"article:publisher\" content=\"https:\/\/www.facebook.com\/beezzup\/\" \/>\n<meta property=\"article:modified_time\" content=\"2020-10-02T08:59:28+00:00\" \/>\n<meta property=\"og:image\" content=\"http:\/\/lbcomunicazione.org\/wp-content\/uploads\/2020\/09\/holistics-word.jpg\" \/>\n<meta name=\"twitter:card\" content=\"summary_large_image\" \/>\n<meta name=\"twitter:site\" content=\"@beezzup\" \/>\n<meta name=\"twitter:label1\" content=\"Tempo di lettura stimato\" \/>\n\t<meta name=\"twitter:data1\" content=\"1 minuto\" \/>\n<script type=\"application\/ld+json\" class=\"yoast-schema-graph\">{\"@context\":\"https:\/\/schema.org\",\"@graph\":[{\"@type\":\"WebPage\",\"@id\":\"https:\/\/lbcomunicazione.org\/index.php\/mondo-olistico\/\",\"url\":\"https:\/\/lbcomunicazione.org\/index.php\/mondo-olistico\/\",\"name\":\"Mondo Olistico - blog TG24 la comunicazione\",\"isPartOf\":{\"@id\":\"https:\/\/lbcomunicazione.org\/#website\"},\"primaryImageOfPage\":{\"@id\":\"https:\/\/lbcomunicazione.org\/index.php\/mondo-olistico\/#primaryimage\"},\"image\":{\"@id\":\"https:\/\/lbcomunicazione.org\/index.php\/mondo-olistico\/#primaryimage\"},\"thumbnailUrl\":\"http:\/\/lbcomunicazione.org\/wp-content\/uploads\/2020\/09\/holistics-word.jpg\",\"datePublished\":\"2020-09-27T22:40:18+00:00\",\"dateModified\":\"2020-10-02T08:59:28+00:00\",\"description\":\"Mondo Olistico - si propone di ricercare la visione d'insieme in ogni aspetto della vita per far emergere il principio dell'Unit\u00e0\",\"breadcrumb\":{\"@id\":\"https:\/\/lbcomunicazione.org\/index.php\/mondo-olistico\/#breadcrumb\"},\"inLanguage\":\"it-IT\",\"potentialAction\":[{\"@type\":\"ReadAction\",\"target\":[\"https:\/\/lbcomunicazione.org\/index.php\/mondo-olistico\/\"]}]},{\"@type\":\"ImageObject\",\"inLanguage\":\"it-IT\",\"@id\":\"https:\/\/lbcomunicazione.org\/index.php\/mondo-olistico\/#primaryimage\",\"url\":\"https:\/\/lbcomunicazione.org\/wp-content\/uploads\/2020\/09\/holistics-word.jpg\",\"contentUrl\":\"https:\/\/lbcomunicazione.org\/wp-content\/uploads\/2020\/09\/holistics-word.jpg\",\"width\":1366,\"height\":768},{\"@type\":\"BreadcrumbList\",\"@id\":\"https:\/\/lbcomunicazione.org\/index.php\/mondo-olistico\/#breadcrumb\",\"itemListElement\":[{\"@type\":\"ListItem\",\"position\":1,\"name\":\"Home\",\"item\":\"https:\/\/lbcomunicazione.org\/\"},{\"@type\":\"ListItem\",\"position\":2,\"name\":\"Mondo Olistico\"}]},{\"@type\":\"WebSite\",\"@id\":\"https:\/\/lbcomunicazione.org\/#website\",\"url\":\"https:\/\/lbcomunicazione.org\/\",\"name\":\"blogTG24lacomunicazione.org\",\"description\":\"Siamo una squadra di blogger, che desiderano dare voce a quelle notizie, realt\u00e0, associazioni, che non sono divulgate dai giornali e media\",\"publisher\":{\"@id\":\"https:\/\/lbcomunicazione.org\/#organization\"},\"potentialAction\":[{\"@type\":\"SearchAction\",\"target\":{\"@type\":\"EntryPoint\",\"urlTemplate\":\"https:\/\/lbcomunicazione.org\/?s={search_term_string}\"},\"query-input\":{\"@type\":\"PropertyValueSpecification\",\"valueRequired\":true,\"valueName\":\"search_term_string\"}}],\"inLanguage\":\"it-IT\"},{\"@type\":\"Organization\",\"@id\":\"https:\/\/lbcomunicazione.org\/#organization\",\"name\":\"blogtg24lacomunicazione\",\"url\":\"https:\/\/lbcomunicazione.org\/\",\"logo\":{\"@type\":\"ImageObject\",\"inLanguage\":\"it-IT\",\"@id\":\"https:\/\/lbcomunicazione.org\/#\/schema\/logo\/image\/\",\"url\":\"https:\/\/lbcomunicazione.org\/wp-content\/uploads\/2019\/01\/logo-cfpblogger.jpg\",\"contentUrl\":\"https:\/\/lbcomunicazione.org\/wp-content\/uploads\/2019\/01\/logo-cfpblogger.jpg\",\"width\":680,\"height\":709,\"caption\":\"blogtg24lacomunicazione\"},\"image\":{\"@id\":\"https:\/\/lbcomunicazione.org\/#\/schema\/logo\/image\/\"},\"sameAs\":[\"https:\/\/www.facebook.com\/beezzup\/\",\"https:\/\/x.com\/beezzup\",\"https:\/\/www.instagram.com\/beezzup\/\",\"https:\/\/www.pinterest.it\/beezzup\/\",\"https:\/\/www.youtube.com\/channel\/UCPeEGg5tKdoyOPK--mGE5Yg\"]}]}<\/script>\n<!-- \/ Yoast SEO plugin. -->","yoast_head_json":{"title":"Mondo Olistico - blog TG24 la comunicazione","description":"Mondo Olistico - si propone di ricercare la visione d'insieme in ogni aspetto della vita per far emergere il principio dell'Unit\u00e0","robots":{"index":"index","follow":"follow","max-snippet":"max-snippet:-1","max-image-preview":"max-image-preview:large","max-video-preview":"max-video-preview:-1"},"canonical":"https:\/\/lbcomunicazione.org\/index.php\/mondo-olistico\/","og_locale":"it_IT","og_type":"article","og_title":"Mondo Olistico - blog TG24 la comunicazione","og_description":"Mondo Olistico - si propone di ricercare la visione d'insieme in ogni aspetto della vita per far emergere il principio dell'Unit\u00e0","og_url":"https:\/\/lbcomunicazione.org\/index.php\/mondo-olistico\/","og_site_name":"blog TG24 la comunicazione","article_publisher":"https:\/\/www.facebook.com\/beezzup\/","article_modified_time":"2020-10-02T08:59:28+00:00","og_image":[{"url":"http:\/\/lbcomunicazione.org\/wp-content\/uploads\/2020\/09\/holistics-word.jpg","type":"","width":"","height":""}],"twitter_card":"summary_large_image","twitter_site":"@beezzup","twitter_misc":{"Tempo di lettura stimato":"1 minuto"},"schema":{"@context":"https:\/\/schema.org","@graph":[{"@type":"WebPage","@id":"https:\/\/lbcomunicazione.org\/index.php\/mondo-olistico\/","url":"https:\/\/lbcomunicazione.org\/index.php\/mondo-olistico\/","name":"Mondo Olistico - blog TG24 la comunicazione","isPartOf":{"@id":"https:\/\/lbcomunicazione.org\/#website"},"primaryImageOfPage":{"@id":"https:\/\/lbcomunicazione.org\/index.php\/mondo-olistico\/#primaryimage"},"image":{"@id":"https:\/\/lbcomunicazione.org\/index.php\/mondo-olistico\/#primaryimage"},"thumbnailUrl":"http:\/\/lbcomunicazione.org\/wp-content\/uploads\/2020\/09\/holistics-word.jpg","datePublished":"2020-09-27T22:40:18+00:00","dateModified":"2020-10-02T08:59:28+00:00","description":"Mondo Olistico - si propone di ricercare la visione d'insieme in ogni aspetto della vita per far emergere il principio dell'Unit\u00e0","breadcrumb":{"@id":"https:\/\/lbcomunicazione.org\/index.php\/mondo-olistico\/#breadcrumb"},"inLanguage":"it-IT","potentialAction":[{"@type":"ReadAction","target":["https:\/\/lbcomunicazione.org\/index.php\/mondo-olistico\/"]}]},{"@type":"ImageObject","inLanguage":"it-IT","@id":"https:\/\/lbcomunicazione.org\/index.php\/mondo-olistico\/#primaryimage","url":"https:\/\/lbcomunicazione.org\/wp-content\/uploads\/2020\/09\/holistics-word.jpg","contentUrl":"https:\/\/lbcomunicazione.org\/wp-content\/uploads\/2020\/09\/holistics-word.jpg","width":1366,"height":768},{"@type":"BreadcrumbList","@id":"https:\/\/lbcomunicazione.org\/index.php\/mondo-olistico\/#breadcrumb","itemListElement":[{"@type":"ListItem","position":1,"name":"Home","item":"https:\/\/lbcomunicazione.org\/"},{"@type":"ListItem","position":2,"name":"Mondo Olistico"}]},{"@type":"WebSite","@id":"https:\/\/lbcomunicazione.org\/#website","url":"https:\/\/lbcomunicazione.org\/","name":"blogTG24lacomunicazione.org","description":"Siamo una squadra di blogger, che desiderano dare voce a quelle notizie, realt\u00e0, associazioni, che non sono divulgate dai giornali e media","publisher":{"@id":"https:\/\/lbcomunicazione.org\/#organization"},"potentialAction":[{"@type":"SearchAction","target":{"@type":"EntryPoint","urlTemplate":"https:\/\/lbcomunicazione.org\/?s={search_term_string}"},"query-input":{"@type":"PropertyValueSpecification","valueRequired":true,"valueName":"search_term_string"}}],"inLanguage":"it-IT"},{"@type":"Organization","@id":"https:\/\/lbcomunicazione.org\/#organization","name":"blogtg24lacomunicazione","url":"https:\/\/lbcomunicazione.org\/","logo":{"@type":"ImageObject","inLanguage":"it-IT","@id":"https:\/\/lbcomunicazione.org\/#\/schema\/logo\/image\/","url":"https:\/\/lbcomunicazione.org\/wp-content\/uploads\/2019\/01\/logo-cfpblogger.jpg","contentUrl":"https:\/\/lbcomunicazione.org\/wp-content\/uploads\/2019\/01\/logo-cfpblogger.jpg","width":680,"height":709,"caption":"blogtg24lacomunicazione"},"image":{"@id":"https:\/\/lbcomunicazione.org\/#\/schema\/logo\/image\/"},"sameAs":["https:\/\/www.facebook.com\/beezzup\/","https:\/\/x.com\/beezzup","https:\/\/www.instagram.com\/beezzup\/","https:\/\/www.pinterest.it\/beezzup\/","https:\/\/www.youtube.com\/channel\/UCPeEGg5tKdoyOPK--mGE5Yg"]}]}},"_links":{"self":[{"href":"https:\/\/lbcomunicazione.org\/index.php\/wp-json\/wp\/v2\/pages\/6836","targetHints":{"allow":["GET"]}}],"collection":[{"href":"https:\/\/lbcomunicazione.org\/index.php\/wp-json\/wp\/v2\/pages"}],"about":[{"href":"https:\/\/lbcomunicazione.org\/index.php\/wp-json\/wp\/v2\/types\/page"}],"author":[{"embeddable":true,"href":"https:\/\/lbcomunicazione.org\/index.php\/wp-json\/wp\/v2\/users\/1"}],"replies":[{"embeddable":true,"href":"https:\/\/lbcomunicazione.org\/index.php\/wp-json\/wp\/v2\/comments?post=6836"}],"version-history":[{"count":0,"href":"https:\/\/lbcomunicazione.org\/index.php\/wp-json\/wp\/v2\/pages\/6836\/revisions"}],"wp:attachment":[{"href":"https:\/\/lbcomunicazione.org\/index.php\/wp-json\/wp\/v2\/media?parent=6836"}],"curies":[{"name":"wp","href":"https:\/\/api.w.org\/{rel}","templated":true}]}}